{"id":1301,"date":"2025-09-15T09:40:41","date_gmt":"2025-09-15T09:40:41","guid":{"rendered":"https:\/\/nervous-montalcini.217-154-19-132.plesk.page\/?page_id=1301"},"modified":"2025-09-15T10:23:31","modified_gmt":"2025-09-15T10:23:31","slug":"diagnostico-capilar","status":"publish","type":"page","link":"https:\/\/nervous-montalcini.217-154-19-132.plesk.page\/?page_id=1301","title":{"rendered":"DIAGN\u00d3STICO CAPILAR"},"content":{"rendered":"\t\t<div data-elementor-type=\"wp-page\" data-elementor-id=\"1301\" class=\"elementor elementor-1301\" data-elementor-post-type=\"page\">\n\t\t\t\t<div class=\"elementor-element elementor-element-fdd12c2 e-flex e-con-boxed e-con e-parent\" data-id=\"fdd12c2\" data-element_type=\"container\" data-settings=\"{&quot;background_background&quot;:&quot;classic&quot;}\">\n\t\t\t\t\t<div class=\"e-con-inner\">\n\t\t\t\t<div class=\"elementor-element elementor-element-7ac55f48 elementor-widget elementor-widget-text-editor\" data-id=\"7ac55f48\" data-element_type=\"widget\" data-widget_type=\"text-editor.default\">\n\t\t\t\t\t\t\t\t\t<p><a class=\"mayusculaserv\">diagn\u00f3stico capilar<\/a><\/p>\t\t\t\t\t\t\t\t<\/div>\n\t\t\t\t\t<\/div>\n\t\t\t\t<\/div>\n\t\t<div class=\"elementor-element elementor-element-3c01b335 e-flex e-con-boxed e-con e-parent\" data-id=\"3c01b335\" data-element_type=\"container\" data-settings=\"{&quot;background_background&quot;:&quot;classic&quot;}\">\n\t\t\t\t\t<div class=\"e-con-inner\">\n\t\t\t\t<div class=\"elementor-element elementor-element-6a905448 animated-slow elementor-widget__width-initial elementor-invisible elementor-widget elementor-widget-text-editor\" data-id=\"6a905448\" data-element_type=\"widget\" data-settings=\"{&quot;_animation&quot;:&quot;fadeInRight&quot;}\" data-widget_type=\"text-editor.default\">\n\t\t\t\t\t\t\t\t\t<p><strong>Cuero cabelludo<\/strong><\/p>\t\t\t\t\t\t\t\t<\/div>\n\t\t\t\t\t<\/div>\n\t\t\t\t<\/div>\n\t\t<div class=\"elementor-element elementor-element-43b9e183 e-flex e-con-boxed e-con e-parent\" data-id=\"43b9e183\" data-element_type=\"container\">\n\t\t\t\t\t<div class=\"e-con-inner\">\n\t\t<div class=\"elementor-element elementor-element-75ff00d1 e-con-full e-flex e-con e-child\" data-id=\"75ff00d1\" data-element_type=\"container\">\n\t\t\t\t<div class=\"elementor-element elementor-element-3511d2ce elementor-widget elementor-widget-text-editor\" data-id=\"3511d2ce\" data-element_type=\"widget\" data-widget_type=\"text-editor.default\">\n\t\t\t\t\t\t\t\t\t<p>El diagn\u00f3stico capilar en Pamplona es clave para tratar la ca\u00edda del cabello. Permite conocer la salud del fol\u00edculo y dise\u00f1ar un plan personalizado. Es esencial para prevenir alopecia y aplicar la mejor soluci\u00f3n.<\/p>\t\t\t\t\t\t\t\t<\/div>\n\t\t\t\t<\/div>\n\t\t<div class=\"elementor-element elementor-element-795729b e-con-full e-flex e-con e-child\" data-id=\"795729b\" data-element_type=\"container\" data-settings=\"{&quot;background_background&quot;:&quot;classic&quot;}\">\n\t\t\t\t<div class=\"elementor-element elementor-element-4850bd17 elementor-widget elementor-widget-text-editor\" data-id=\"4850bd17\" data-element_type=\"widget\" data-widget_type=\"text-editor.default\">\n\t\t\t\t\t\t\t\t\t<p>An\u00e1lisis completo<\/p><p>Prevenci\u00f3n eficaz<\/p><p>Tratamiento adecuado<\/p><p>Tecnolog\u00eda avanzada<\/p>\t\t\t\t\t\t\t\t<\/div>\n\t\t\t\t<\/div>\n\t\t\t\t\t<\/div>\n\t\t\t\t<\/div>\n\t\t<div class=\"elementor-element elementor-element-152d0476 e-flex e-con-boxed e-con e-parent\" data-id=\"152d0476\" data-element_type=\"container\" data-settings=\"{&quot;background_background&quot;:&quot;classic&quot;}\">\n\t\t\t\t\t<div class=\"e-con-inner\">\n\t\t<div class=\"elementor-element elementor-element-42a0fa83 e-con-full e-flex e-con e-child\" data-id=\"42a0fa83\" data-element_type=\"container\">\n\t\t\t\t<div class=\"elementor-element elementor-element-2c8e501f elementor-widget elementor-widget-text-editor\" data-id=\"2c8e501f\" data-element_type=\"widget\" data-widget_type=\"text-editor.default\">\n\t\t\t\t\t\t\t\t\t<p>Se realiza un estudio con dispositivos de diagn\u00f3stico capilar que analizan fol\u00edculos y densidad. En nuestra cl\u00ednica est\u00e9tica en Pamplona es la base de todo tratamiento capilar.<\/p>\t\t\t\t\t\t\t\t<\/div>\n\t\t<div class=\"elementor-element elementor-element-536483ff e-con-full e-flex e-con e-child\" data-id=\"536483ff\" data-element_type=\"container\">\n\t\t\t\t<div class=\"elementor-element elementor-element-539e0892 elementor-widget elementor-widget-button\" data-id=\"539e0892\" data-element_type=\"widget\" data-widget_type=\"button.default\">\n\t\t\t\t\t\t\t\t\t\t<a class=\"elementor-button elementor-button-link elementor-size-sm\" href=\"https:\/\/nervous-montalcini.217-154-19-132.plesk.page\/?page_id=468\">\n\t\t\t\t\t\t<span class=\"elementor-button-content-wrapper\">\n\t\t\t\t\t\t\t\t\t<span class=\"elementor-button-text\">CITA<\/span>\n\t\t\t\t\t<\/span>\n\t\t\t\t\t<\/a>\n\t\t\t\t\t\t\t\t<\/div>\n\t\t\t\t<div class=\"elementor-element elementor-element-49322326 elementor-button-info elementor-widget elementor-widget-button\" data-id=\"49322326\" data-element_type=\"widget\" data-widget_type=\"button.default\">\n\t\t\t\t\t\t\t\t\t\t<a class=\"elementor-button elementor-button-link elementor-size-sm\" href=\"tel:+34678105662\">\n\t\t\t\t\t\t<span class=\"elementor-button-content-wrapper\">\n\t\t\t\t\t\t\t\t\t<span class=\"elementor-button-text\">LLAMAR<\/span>\n\t\t\t\t\t<\/span>\n\t\t\t\t\t<\/a>\n\t\t\t\t\t\t\t\t<\/div>\n\t\t\t\t<\/div>\n\t\t\t\t<\/div>\n\t\t<div class=\"elementor-element elementor-element-1c945f63 e-con-full e-flex e-con e-child\" data-id=\"1c945f63\" data-element_type=\"container\">\n\t\t\t\t<div class=\"elementor-element elementor-element-3eb1e540 elementor-widget elementor-widget-image\" data-id=\"3eb1e540\" data-element_type=\"widget\" data-widget_type=\"image.default\">\n\t\t\t\t\t\t\t\t\t\t\t\t\t\t\t<img fetchpriority=\"high\" decoding=\"async\" width=\"2560\" height=\"2560\" src=\"https:\/\/nervous-montalcini.217-154-19-132.plesk.page\/wp-content\/uploads\/2025\/09\/girl-on-the-couch-at-the-beautician-2025-02-10-10-03-45-utc-scaled.jpg\" class=\"attachment-full size-full wp-image-448\" alt=\"\" srcset=\"https:\/\/nervous-montalcini.217-154-19-132.plesk.page\/wp-content\/uploads\/2025\/09\/girl-on-the-couch-at-the-beautician-2025-02-10-10-03-45-utc-scaled.jpg 2560w, https:\/\/nervous-montalcini.217-154-19-132.plesk.page\/wp-content\/uploads\/2025\/09\/girl-on-the-couch-at-the-beautician-2025-02-10-10-03-45-utc-300x300.jpg 300w, https:\/\/nervous-montalcini.217-154-19-132.plesk.page\/wp-content\/uploads\/2025\/09\/girl-on-the-couch-at-the-beautician-2025-02-10-10-03-45-utc-1024x1024.jpg 1024w, https:\/\/nervous-montalcini.217-154-19-132.plesk.page\/wp-content\/uploads\/2025\/09\/girl-on-the-couch-at-the-beautician-2025-02-10-10-03-45-utc-150x150.jpg 150w, https:\/\/nervous-montalcini.217-154-19-132.plesk.page\/wp-content\/uploads\/2025\/09\/girl-on-the-couch-at-the-beautician-2025-02-10-10-03-45-utc-768x768.jpg 768w, https:\/\/nervous-montalcini.217-154-19-132.plesk.page\/wp-content\/uploads\/2025\/09\/girl-on-the-couch-at-the-beautician-2025-02-10-10-03-45-utc-1536x1536.jpg 1536w, https:\/\/nervous-montalcini.217-154-19-132.plesk.page\/wp-content\/uploads\/2025\/09\/girl-on-the-couch-at-the-beautician-2025-02-10-10-03-45-utc-2048x2048.jpg 2048w\" sizes=\"(max-width: 2560px) 100vw, 2560px\" \/>\t\t\t\t\t\t\t\t\t\t\t\t\t\t\t<\/div>\n\t\t\t\t<\/div>\n\t\t\t\t\t<\/div>\n\t\t\t\t<\/div>\n\t\t\t\t<\/div>\n\t\t","protected":false},"excerpt":{"rendered":"<p>diagn\u00f3stico capilar Cuero cabelludo El diagn\u00f3stico capilar en Pamplona es clave para tratar la ca\u00edda del cabello. Permite conocer la salud del fol\u00edculo y dise\u00f1ar un plan personalizado. Es esencial para prevenir alopecia y aplicar la mejor soluci\u00f3n. An\u00e1lisis completo Prevenci\u00f3n eficaz Tratamiento adecuado Tecnolog\u00eda avanzada Se realiza un estudio con dispositivos de diagn\u00f3stico capilar [&hellip;]<\/p>\n","protected":false},"author":3,"featured_media":0,"parent":0,"menu_order":0,"comment_status":"closed","ping_status":"closed","template":"","meta":{"footnotes":""},"class_list":["post-1301","page","type-page","status-publish","hentry"],"_links":{"self":[{"href":"https:\/\/nervous-montalcini.217-154-19-132.plesk.page\/index.php?rest_route=\/wp\/v2\/pages\/1301","targetHints":{"allow":["GET"]}}],"collection":[{"href":"https:\/\/nervous-montalcini.217-154-19-132.plesk.page\/index.php?rest_route=\/wp\/v2\/pages"}],"about":[{"href":"https:\/\/nervous-montalcini.217-154-19-132.plesk.page\/index.php?rest_route=\/wp\/v2\/types\/page"}],"author":[{"embeddable":true,"href":"https:\/\/nervous-montalcini.217-154-19-132.plesk.page\/index.php?rest_route=\/wp\/v2\/users\/3"}],"replies":[{"embeddable":true,"href":"https:\/\/nervous-montalcini.217-154-19-132.plesk.page\/index.php?rest_route=%2Fwp%2Fv2%2Fcomments&post=1301"}],"version-history":[{"count":10,"href":"https:\/\/nervous-montalcini.217-154-19-132.plesk.page\/index.php?rest_route=\/wp\/v2\/pages\/1301\/revisions"}],"predecessor-version":[{"id":1426,"href":"https:\/\/nervous-montalcini.217-154-19-132.plesk.page\/index.php?rest_route=\/wp\/v2\/pages\/1301\/revisions\/1426"}],"wp:attachment":[{"href":"https:\/\/nervous-montalcini.217-154-19-132.plesk.page\/index.php?rest_route=%2Fwp%2Fv2%2Fmedia&parent=1301"}],"curies":[{"name":"wp","href":"https:\/\/api.w.org\/{rel}","templated":true}]}}